{"id":10564,"date":"2016-10-26T15:58:02","date_gmt":"2016-10-26T13:58:02","guid":{"rendered":"http:\/\/chateauletros.fr\/?page_id=10564"},"modified":"2025-07-24T16:09:36","modified_gmt":"2025-07-24T14:09:36","slug":"perles-noires","status":"publish","type":"page","link":"https:\/\/www.chateauletros.fr\/index.php\/perles-noires\/","title":{"rendered":"PERLES NOIRES"},"content":{"rendered":"<div class=\"wpb-content-wrapper\"><p>[vc_row row_type=\u00a0\u00bbrow\u00a0\u00bb use_row_as_full_screen_section=\u00a0\u00bbno\u00a0\u00bb type=\u00a0\u00bbgrid\u00a0\u00bb text_align=\u00a0\u00bbleft\u00a0\u00bb padding_top=\u00a0\u00bb21&Prime; padding_bottom=\u00a0\u00bb14&Prime; box_shadow_on_row=\u00a0\u00bbno\u00a0\u00bb floating_direction=\u00a0\u00bbtop-bottom\u00a0\u00bb floating_speed=\u00a0\u00bb3&Prime; zigzag=\u00a0\u00bbyes\u00a0\u00bb floating_randsize=\u00a0\u00bbyes\u00a0\u00bb][vc_column]<div class=\"custom_font_holder\" style=\"font-family: Playfair Display; font-size: 33px; line-height: 45px; font-style: normal; font-weight: 400; color: #ffffff; text-decoration: none; letter-spacing: 0px;; text-transform: capitalize; text-align: center\" data-font-size=33 data-line-height=45 ><div  ><strong>PERLES NOIRES<\/strong><\/div><\/div>[vc_text_separator title=\u00a0\u00bbAPPELLATION BORDEAUX ROUGE\u00a0\u00bb text_in_box=\u00a0\u00bbno\u00a0\u00bb text_position=\u00a0\u00bbcenter\u00a0\u00bb box_padding=\u00a0\u00bb15&Prime; line_width=\u00a0\u00bb255&Prime; line_thickness=\u00a0\u00bb1&Prime; line_border_style=\u00a0\u00bbsolid\u00a0\u00bb up=\u00a0\u00bb9&Prime; down=\u00a0\u00bb6&Prime; animation=\u00a0\u00bbanimate_width\u00a0\u00bb line_dots=\u00a0\u00bbno\u00a0\u00bb][vc_empty_space height=\u00a0\u00bb20px\u00a0\u00bb image_repeat=\u00a0\u00bbno-repeat\u00a0\u00bb][\/vc_column][\/vc_row][vc_row row_type=\u00a0\u00bbrow\u00a0\u00bb use_row_as_full_screen_section=\u00a0\u00bbno\u00a0\u00bb type=\u00a0\u00bbgrid\u00a0\u00bb text_align=\u00a0\u00bbleft\u00a0\u00bb padding_top=\u00a0\u00bb21&Prime; padding_bottom=\u00a0\u00bb14&Prime; box_shadow_on_row=\u00a0\u00bbno\u00a0\u00bb floating_direction=\u00a0\u00bbtop-bottom\u00a0\u00bb floating_speed=\u00a0\u00bb3&Prime; zigzag=\u00a0\u00bbyes\u00a0\u00bb floating_randsize=\u00a0\u00bbyes\u00a0\u00bb][vc_column width=\u00a0\u00bb5\/12&Prime;][vc_single_image image=\u00a0\u00bb11141&Prime; img_size=\u00a0\u00bbfull\u00a0\u00bb alignment=\u00a0\u00bbcenter\u00a0\u00bb hover_animation=\u00a0\u00bbno\u00a0\u00bb edgt_css_animation=\u00a0\u00bbelement_from_left\u00a0\u00bb][\/vc_column][vc_column width=\u00a0\u00bb7\/12&Prime;]<div class=\"custom_font_holder\" style=\"font-family: Playfair Display; font-size: 33px; line-height: 45px; font-style: normal; font-weight: 400; color: #ffffff; text-decoration: none; letter-spacing: 0px;; text-transform: capitalize; text-align: left\" data-font-size=33 data-line-height=45 ><div  ><strong><img loading=\"lazy\" decoding=\"async\" class=\"alignnone wp-image-10988\" src=\"http:\/\/chateauletros.fr\/wp-content\/uploads\/2016\/10\/grappe-en-hauteur-blanche.png\" width=\"30\" height=\"49\" \/><\/strong>\u00a0 Informations Techniques<\/div><\/div>[vc_empty_space height=\u00a0\u00bb18px\u00a0\u00bb image_repeat=\u00a0\u00bbno-repeat\u00a0\u00bb][vc_column_text]<strong data-start=\"148\" data-end=\"163\">Appellation<\/strong> : AOC Bordeaux<br data-start=\"178\" data-end=\"181\" \/><strong data-start=\"181\" data-end=\"196\">Type de sol<\/strong> : Graves et galets, un terroir tr\u00e8s rare dans la r\u00e9gion<br data-start=\"252\" data-end=\"255\" \/><strong data-start=\"255\" data-end=\"282\">Exposition et situation<\/strong> : Coteaux bien drain\u00e9s b\u00e9n\u00e9ficiant d\u2019un ensoleillement optimal. Le drainage naturel exceptionnel permet une maturit\u00e9 compl\u00e8te des Merlots, pouss\u00e9s \u00e0 leur paroxysme sans exc\u00e8s de lourdeur<br data-start=\"469\" data-end=\"472\" \/><strong data-start=\"472\" data-end=\"497\" data-is-only-node=\"\">Densit\u00e9 de plantation<\/strong> : 4 500 pieds par hectare<br data-start=\"523\" data-end=\"526\" \/><strong data-start=\"526\" data-end=\"536\">C\u00e9page<\/strong> : Merlot 100 %<br data-start=\"551\" data-end=\"554\" \/><strong data-start=\"554\" data-end=\"564\">Taille<\/strong> : Deux lattes \u00e0 plat, taille s\u00e9v\u00e8re<br data-start=\"600\" data-end=\"603\" \/><strong data-start=\"603\" data-end=\"616\">Vendanges<\/strong> : M\u00e9caniques, avec tri manuel sur table vibrante<br data-start=\"665\" data-end=\"668\" \/><strong data-start=\"668\" data-end=\"687\">Date de r\u00e9colte<\/strong> : Tardive<br data-start=\"697\" data-end=\"700\" \/><strong data-start=\"700\" data-end=\"713\">Rendement<\/strong> : Faible<br data-start=\"722\" data-end=\"725\" \/><strong data-start=\"725\" data-end=\"736\">Origine<\/strong> : Issue d\u2019une seule et m\u00eame parcelle : <em data-start=\"776\" data-end=\"789\">La Cardinet<\/em><br data-start=\"789\" data-end=\"792\" \/><strong data-start=\"792\" data-end=\"808\">Fermentation<\/strong> : En cuves inox thermor\u00e9gul\u00e9es (22\u201328 \u00b0C)<br data-start=\"850\" data-end=\"853\" \/><strong data-start=\"853\" data-end=\"867\">Mac\u00e9ration<\/strong> : Post-fermentaire longue, \u00e0 chaud, en marc immerg\u00e9<br data-start=\"919\" data-end=\"922\" \/><strong data-start=\"922\" data-end=\"951\">Fermentation malolactique<\/strong> : R\u00e9alis\u00e9e en barrique<br data-start=\"974\" data-end=\"977\" \/><strong data-start=\"977\" data-end=\"988\">\u00c9levage<\/strong> : En barriques neuves de ch\u00eane fran\u00e7ais pendant 18 mois<\/p>\n<p><br data-start=\"1044\" data-end=\"1047\" \/><strong data-start=\"1047\" data-end=\"1059\">\u0152nologue<\/strong> : Laure Vatin<br data-start=\"1073\" data-end=\"1076\" \/><strong data-start=\"1076\" data-end=\"1100\">Mill\u00e9sime disponible<\/strong> : 2021[\/vc_column_text][vc_empty_space height=\u00a0\u00bb20px\u00a0\u00bb image_repeat=\u00a0\u00bbno-repeat\u00a0\u00bb]<a href=\"https:\/\/www.chateauletros.fr\/wp-content\/uploads\/2025\/07\/F.T-Public-Perles-Noires-Chateau-le-Tros-.pdf\" target=\"_blank\" data-hover-background-color=#222222 data-hover-color=#ffffff data-icon-hover-color=#ffffff  class=\"qbutton  large qbutton_with_icon icon_left\" style=\"font-size: 16px; font-family: PLayfair display;line-height: 20px; height: 20px; font-style: normal; font-weight: 400; text-transform: capitalize; padding: 0 0px; background-color: #222222;\"><i class=\"edgt_icon_font_awesome fa fa-file-pdf-o button_icon\" style=\"color: #b48360;width: inherit; \" ><\/i>Fiche Technique du Vin<\/a>[vc_empty_space image_repeat=\u00a0\u00bbno-repeat\u00a0\u00bb][\/vc_column][\/vc_row]<\/p>\n<\/div>","protected":false},"excerpt":{"rendered":"<p>[vc_row row_type=\u00a0\u00bbrow\u00a0\u00bb use_row_as_full_screen_section=\u00a0\u00bbno\u00a0\u00bb type=\u00a0\u00bbgrid\u00a0\u00bb text_align=\u00a0\u00bbleft\u00a0\u00bb padding_top=\u00a0\u00bb21&Prime; padding_bottom=\u00a0\u00bb14&Prime; box_shadow_on_row=\u00a0\u00bbno\u00a0\u00bb floating_direction=\u00a0\u00bbtop-bottom\u00a0\u00bb floating_speed=\u00a0\u00bb3&Prime; zigzag=\u00a0\u00bbyes\u00a0\u00bb floating_randsize=\u00a0\u00bbyes\u00a0\u00bb][vc_column][vc_text_separator title=\u00a0\u00bbAPPELLATION BORDEAUX ROUGE\u00a0\u00bb text_in_box=\u00a0\u00bbno\u00a0\u00bb text_position=\u00a0\u00bbcenter\u00a0\u00bb box_padding=\u00a0\u00bb15&Prime; line_width=\u00a0\u00bb255&Prime; line_thickness=\u00a0\u00bb1&Prime; line_border_style=\u00a0\u00bbsolid\u00a0\u00bb up=\u00a0\u00bb9&Prime; down=\u00a0\u00bb6&Prime; animation=\u00a0\u00bbanimate_width\u00a0\u00bb line_dots=\u00a0\u00bbno\u00a0\u00bb][vc_empty_space height=\u00a0\u00bb20px\u00a0\u00bb image_repeat=\u00a0\u00bbno-repeat\u00a0\u00bb][\/vc_column][\/vc_row][vc_row row_type=\u00a0\u00bbrow\u00a0\u00bb use_row_as_full_screen_section=\u00a0\u00bbno\u00a0\u00bb type=\u00a0\u00bbgrid\u00a0\u00bb text_align=\u00a0\u00bbleft\u00a0\u00bb padding_top=\u00a0\u00bb21&Prime; padding_bottom=\u00a0\u00bb14&Prime; box_shadow_on_row=\u00a0\u00bbno\u00a0\u00bb floating_direction=\u00a0\u00bbtop-bottom\u00a0\u00bb floating_speed=\u00a0\u00bb3&Prime; zigzag=\u00a0\u00bbyes\u00a0\u00bb floating_randsize=\u00a0\u00bbyes\u00a0\u00bb][vc_column width=\u00a0\u00bb5\/12&Prime;][vc_single_image image=\u00a0\u00bb11141&Prime; img_size=\u00a0\u00bbfull\u00a0\u00bb alignment=\u00a0\u00bbcenter\u00a0\u00bb hover_animation=\u00a0\u00bbno\u00a0\u00bb edgt_css_animation=\u00a0\u00bbelement_from_left\u00a0\u00bb][\/vc_column][vc_column width=\u00a0\u00bb7\/12&Prime;][vc_empty_space&#8230;<\/p>\n","protected":false},"author":1,"featured_media":0,"parent":0,"menu_order":0,"comment_status":"closed","ping_status":"closed","template":"","meta":{"footnotes":""},"class_list":["post-10564","page","type-page","status-publish","hentry"],"yoast_head":"<!-- This site is optimized with the Yoast SEO plugin v20.1 - https:\/\/yoast.com\/wordpress\/plugins\/seo\/ -->\n<title>PERLES NOIRES - Ch\u00e2teau le Tros - Vignobles Jabouin \u00e0 Tizac-de-Curton (33)<\/title>\n<meta name=\"description\" content=\"Le ch\u00e2teau le Tros vous pr\u00e9sente sa cuv\u00e9e Perles Noires d&#039;appellation Bordeaux Rouge.\" \/>\n<meta name=\"robots\" content=\"index, follow, max-snippet:-1, max-image-preview:large, max-video-preview:-1\" \/>\n<link rel=\"canonical\" href=\"https:\/\/www.chateauletros.fr\/index.php\/perles-noires\/\" \/>\n<meta property=\"og:locale\" content=\"fr_FR\" \/>\n<meta property=\"og:type\" content=\"article\" \/>\n<meta property=\"og:title\" content=\"PERLES NOIRES - Ch\u00e2teau le Tros - Vignobles Jabouin \u00e0 Tizac-de-Curton (33)\" \/>\n<meta property=\"og:description\" content=\"Le ch\u00e2teau le Tros vous pr\u00e9sente sa cuv\u00e9e Perles Noires d&#039;appellation Bordeaux Rouge.\" \/>\n<meta property=\"og:url\" content=\"https:\/\/www.chateauletros.fr\/index.php\/perles-noires\/\" \/>\n<meta property=\"og:site_name\" content=\"Ch\u00e2teau le Tros - Vignobles Jabouin \u00e0 Tizac-de-Curton (33)\" \/>\n<meta property=\"article:modified_time\" content=\"2025-07-24T14:09:36+00:00\" \/>\n<meta property=\"og:image\" content=\"http:\/\/chateauletros.fr\/wp-content\/uploads\/2016\/10\/grappe-en-hauteur-blanche.png\" \/>\n<meta name=\"twitter:card\" content=\"summary_large_image\" \/>\n<meta name=\"twitter:label1\" content=\"Dur\u00e9e de lecture estim\u00e9e\" \/>\n\t<meta name=\"twitter:data1\" content=\"2 minutes\" \/>\n<script type=\"application\/ld+json\" class=\"yoast-schema-graph\">{\"@context\":\"https:\/\/schema.org\",\"@graph\":[{\"@type\":\"WebPage\",\"@id\":\"https:\/\/www.chateauletros.fr\/index.php\/perles-noires\/\",\"url\":\"https:\/\/www.chateauletros.fr\/index.php\/perles-noires\/\",\"name\":\"PERLES NOIRES - Ch\u00e2teau le Tros - Vignobles Jabouin \u00e0 Tizac-de-Curton (33)\",\"isPartOf\":{\"@id\":\"https:\/\/www.chateauletros.fr\/#website\"},\"datePublished\":\"2016-10-26T13:58:02+00:00\",\"dateModified\":\"2025-07-24T14:09:36+00:00\",\"description\":\"Le ch\u00e2teau le Tros vous pr\u00e9sente sa cuv\u00e9e Perles Noires d'appellation Bordeaux Rouge.\",\"breadcrumb\":{\"@id\":\"https:\/\/www.chateauletros.fr\/index.php\/perles-noires\/#breadcrumb\"},\"inLanguage\":\"fr-FR\",\"potentialAction\":[{\"@type\":\"ReadAction\",\"target\":[\"https:\/\/www.chateauletros.fr\/index.php\/perles-noires\/\"]}]},{\"@type\":\"BreadcrumbList\",\"@id\":\"https:\/\/www.chateauletros.fr\/index.php\/perles-noires\/#breadcrumb\",\"itemListElement\":[{\"@type\":\"ListItem\",\"position\":1,\"name\":\"Accueil\",\"item\":\"https:\/\/www.chateauletros.fr\/\"},{\"@type\":\"ListItem\",\"position\":2,\"name\":\"PERLES NOIRES\"}]},{\"@type\":\"WebSite\",\"@id\":\"https:\/\/www.chateauletros.fr\/#website\",\"url\":\"https:\/\/www.chateauletros.fr\/\",\"name\":\"Ch\u00e2teau le Tros - Vignobles Jabouin \u00e0 Tizac-de-Curton (33)\",\"description\":\"Ch\u00e2teau Le Tros - Quatre g\u00e9n\u00e9rations de passionn\u00e9s au service du vin\",\"potentialAction\":[{\"@type\":\"SearchAction\",\"target\":{\"@type\":\"EntryPoint\",\"urlTemplate\":\"https:\/\/www.chateauletros.fr\/?s={search_term_string}\"},\"query-input\":\"required name=search_term_string\"}],\"inLanguage\":\"fr-FR\"}]}<\/script>\n<!-- \/ Yoast SEO plugin. -->","yoast_head_json":{"title":"PERLES NOIRES - Ch\u00e2teau le Tros - Vignobles Jabouin \u00e0 Tizac-de-Curton (33)","description":"Le ch\u00e2teau le Tros vous pr\u00e9sente sa cuv\u00e9e Perles Noires d'appellation Bordeaux Rouge.","robots":{"index":"index","follow":"follow","max-snippet":"max-snippet:-1","max-image-preview":"max-image-preview:large","max-video-preview":"max-video-preview:-1"},"canonical":"https:\/\/www.chateauletros.fr\/index.php\/perles-noires\/","og_locale":"fr_FR","og_type":"article","og_title":"PERLES NOIRES - Ch\u00e2teau le Tros - Vignobles Jabouin \u00e0 Tizac-de-Curton (33)","og_description":"Le ch\u00e2teau le Tros vous pr\u00e9sente sa cuv\u00e9e Perles Noires d'appellation Bordeaux Rouge.","og_url":"https:\/\/www.chateauletros.fr\/index.php\/perles-noires\/","og_site_name":"Ch\u00e2teau le Tros - Vignobles Jabouin \u00e0 Tizac-de-Curton (33)","article_modified_time":"2025-07-24T14:09:36+00:00","og_image":[{"url":"http:\/\/chateauletros.fr\/wp-content\/uploads\/2016\/10\/grappe-en-hauteur-blanche.png"}],"twitter_card":"summary_large_image","twitter_misc":{"Dur\u00e9e de lecture estim\u00e9e":"2 minutes"},"schema":{"@context":"https:\/\/schema.org","@graph":[{"@type":"WebPage","@id":"https:\/\/www.chateauletros.fr\/index.php\/perles-noires\/","url":"https:\/\/www.chateauletros.fr\/index.php\/perles-noires\/","name":"PERLES NOIRES - Ch\u00e2teau le Tros - Vignobles Jabouin \u00e0 Tizac-de-Curton (33)","isPartOf":{"@id":"https:\/\/www.chateauletros.fr\/#website"},"datePublished":"2016-10-26T13:58:02+00:00","dateModified":"2025-07-24T14:09:36+00:00","description":"Le ch\u00e2teau le Tros vous pr\u00e9sente sa cuv\u00e9e Perles Noires d'appellation Bordeaux Rouge.","breadcrumb":{"@id":"https:\/\/www.chateauletros.fr\/index.php\/perles-noires\/#breadcrumb"},"inLanguage":"fr-FR","potentialAction":[{"@type":"ReadAction","target":["https:\/\/www.chateauletros.fr\/index.php\/perles-noires\/"]}]},{"@type":"BreadcrumbList","@id":"https:\/\/www.chateauletros.fr\/index.php\/perles-noires\/#breadcrumb","itemListElement":[{"@type":"ListItem","position":1,"name":"Accueil","item":"https:\/\/www.chateauletros.fr\/"},{"@type":"ListItem","position":2,"name":"PERLES NOIRES"}]},{"@type":"WebSite","@id":"https:\/\/www.chateauletros.fr\/#website","url":"https:\/\/www.chateauletros.fr\/","name":"Ch\u00e2teau le Tros - Vignobles Jabouin \u00e0 Tizac-de-Curton (33)","description":"Ch\u00e2teau Le Tros - Quatre g\u00e9n\u00e9rations de passionn\u00e9s au service du vin","potentialAction":[{"@type":"SearchAction","target":{"@type":"EntryPoint","urlTemplate":"https:\/\/www.chateauletros.fr\/?s={search_term_string}"},"query-input":"required name=search_term_string"}],"inLanguage":"fr-FR"}]}},"_links":{"self":[{"href":"https:\/\/www.chateauletros.fr\/index.php\/wp-json\/wp\/v2\/pages\/10564","targetHints":{"allow":["GET"]}}],"collection":[{"href":"https:\/\/www.chateauletros.fr\/index.php\/wp-json\/wp\/v2\/pages"}],"about":[{"href":"https:\/\/www.chateauletros.fr\/index.php\/wp-json\/wp\/v2\/types\/page"}],"author":[{"embeddable":true,"href":"https:\/\/www.chateauletros.fr\/index.php\/wp-json\/wp\/v2\/users\/1"}],"replies":[{"embeddable":true,"href":"https:\/\/www.chateauletros.fr\/index.php\/wp-json\/wp\/v2\/comments?post=10564"}],"version-history":[{"count":7,"href":"https:\/\/www.chateauletros.fr\/index.php\/wp-json\/wp\/v2\/pages\/10564\/revisions"}],"predecessor-version":[{"id":11389,"href":"https:\/\/www.chateauletros.fr\/index.php\/wp-json\/wp\/v2\/pages\/10564\/revisions\/11389"}],"wp:attachment":[{"href":"https:\/\/www.chateauletros.fr\/index.php\/wp-json\/wp\/v2\/media?parent=10564"}],"curies":[{"name":"wp","href":"https:\/\/api.w.org\/{rel}","templated":true}]}}